{"id":35211,"date":"2026-04-30T15:43:28","date_gmt":"2026-04-30T13:43:28","guid":{"rendered":"https:\/\/jle.de\/?page_id=35211"},"modified":"2026-05-01T15:08:51","modified_gmt":"2026-05-01T13:08:51","slug":"finca-bauen-auf-mallorca-regeln-fuer-suelo-rustico","status":"publish","type":"page","link":"https:\/\/jle.de\/es\/finca-bauen-auf-mallorca-regeln-fuer-suelo-rustico\/","title":{"rendered":"finca-bauen-auf-dem-land-mallorca"},"content":{"rendered":"<h3>Finca bauen auf Mallorca: Was im suelo r\u00fastico zu beachten ist<\/h3>\n<p><img fetchpriority=\"high\" decoding=\"async\" class=\" wp-image-36131\" src=\"https:\/\/jle.de\/wp-content\/uploads\/2026\/04\/545082a9-8fe5-4701-b723-dc9a013bfe53-600x400.png\" alt=\"finca bauen auf mallorca\" width=\"399\" height=\"266\" data-wp-pid=\"36131\" srcset=\"https:\/\/jle.de\/wp-content\/uploads\/2026\/04\/545082a9-8fe5-4701-b723-dc9a013bfe53-600x400.png 600w, https:\/\/jle.de\/wp-content\/uploads\/2026\/04\/545082a9-8fe5-4701-b723-dc9a013bfe53-640x427.png 640w, https:\/\/jle.de\/wp-content\/uploads\/2026\/04\/545082a9-8fe5-4701-b723-dc9a013bfe53-768x512.png 768w, https:\/\/jle.de\/wp-content\/uploads\/2026\/04\/545082a9-8fe5-4701-b723-dc9a013bfe53-1220x813.png 1220w, https:\/\/jle.de\/wp-content\/uploads\/2026\/04\/545082a9-8fe5-4701-b723-dc9a013bfe53.png 1536w\" sizes=\"(max-width: 399px) 100vw, 399px\" \/><\/p>\n<h3>Einleitung<\/h3>\n<p>Die Idee einer Finca steht f\u00fcr Ruhe, Natur und Eigenst\u00e4ndigkeit. In der Praxis verlangt das Bauen auf dem Land jedoch deutlich mehr Vorpr\u00fcfung als ein Projekt im urbanen Raum. Gerade im suelo r\u00fastico entscheidet sich der Erfolg fr\u00fch \u2013 durch Bodenstatus, Mindestgr\u00f6\u00dfe, Schutzlage, Infrastruktur und Bestandspr\u00fcfung.<\/p>\n<p>&nbsp;<\/p>\n<p>&nbsp;<\/p>\n<p>Der Consell de Mallorca nennt und bestimmt im PTIM seit 2004 die Wohnnutzung im suelo r\u00fastico in den einschl\u00e4gigen Konstellationen unter anderem die Schwelle von 14.000 m\u00b2 als Mindestgr\u00f6sse f\u00fcr bebaubare Grundst\u00fccke mit der Klassifizierung SRG (suelo r\u00fastico general). Dieser Punkt geh\u00f6rt fast an den Anfang jeder seri\u00f6sen Beratung zum l\u00e4ndlichen Bauen. Ein erster Filter ist diese Bodenklassifikation. Ein weiterer die Schutzlage (<a title=\"Secci\u00f3n II - Consejos Insulares\" href=\"https:\/\/www.conselldemallorca.es\/media\/planificacioterritorial\/20041213_PTIM\/es\/Acuerdo_Pleno_PTM_2004.pdf?utm_source=chatgpt.com\" target=\"_blank\" rel=\"noopener\">inselrat<\/a>). Danach folgen das Pr\u00fcfen und L\u00f6sen der Kriterien wie Verf\u00fcgbarkeiten von Wasser, Aufbereitung von Abwasser, Schutz Hochwasser, Verf\u00fcgbarkeit vom Infrastruktur, Medien, Zufahrt, Topografie und Bestandsstatus. (<a title=\"Secci\u00f3n II - Consejos Insulares\" href=\"https:\/\/www.conselldemallorca.es\/media\/planificacioterritorial\/20041213_PTIM\/es\/Acuerdo_Pleno_PTM_2004.pdf?utm_source=chatgpt.com\" target=\"_blank\" rel=\"noopener\">PTM 2004<\/a>).<\/p>\n<p>Gleichzeitig bleibt das Bauen im suelo r\u00fastico trotz der Reformen streng reguliert. (<a title=\"NORMAS de ordenaci\u00f3n del Plan territorial insular de ...\" href=\"https:\/\/www.conselldemallorca.es\/media\/planificacioterritorial\/20230717_Text_consolidat_PTIM\/Text_consolidat_PTIM_2023_es.pdf?utm_source=chatgpt.com\" target=\"_blank\" rel=\"noopener\">PTIM<\/a>)<\/p>\n<p>Seit Ende 2024 ist daf\u00fcr zus\u00e4tzlich das Decreto Ley 6\/2024 relevant. Die Norm dient dem Schutz von Personen und G\u00fctern in \u00fcberschwemmungsgef\u00e4hrdeten Zonen. Parallel hat Mallorca die au\u00dferordentliche Legalisierung im suelo r\u00fastico zun\u00e4chst 2024 und nach Inkrafttreten der Ley 7\/2024 erneut 2025 angewendet. (<a title=\"Decreto Ley 3\/2024, de 24 de mayo, de medidas urgentes de ...\" href=\"https:\/\/www.caib.es\/sites\/institutestudisautonomics\/es\/n\/decreto_ley_32024_de_24_de_mayo_de_medidas_urgentes_de_simplificacian_y_racionalizacian_administrativas_de_las_administraciones_pablicas_de_las_illes_balears\/?utm_source=chatgpt.com\" target=\"_blank\" rel=\"noopener\">Web GOIB<\/a>)<\/p>\n<p>&nbsp;<\/p>\n<h4 data-start=\"0\" data-end=\"366\">Das muss man wissen:<\/h4>\n<p data-start=\"0\" data-end=\"366\">Der PTIM regelt im Allgemeinen lediglich die grundlegenden Voraussetzungen, die f\u00fcr l\u00e4ndliche Gebiete au\u00dferhalb geschlossener Ortschaften auf ganz Mallorca gelten. Dar\u00fcber hinaus verf\u00fcgen die 53 zust\u00e4ndigen Gemeinden jeweils \u00fcber eigene Bauverordnungen. In deren Artikeln sind unterschiedliche Vorgaben zu Bauweisen, Typologien und lokalen Bautraditionen festgelegt.<\/p>\n<p data-start=\"368\" data-end=\"481\" data-is-last-node=\"\" data-is-only-node=\"\">So kann eine Finca bei Art\u00e0 durchaus anderen Anforderungen unterliegen als eine Finca bei Felanitx oder Santany\u00ed.<\/p>\n<h4><\/h4>\n<h4>Gr\u00f6\u00dfe allein reicht nicht aus<\/h4>\n<p>Viele K\u00e4ufer setzen gro\u00dfe Parzellen mit Baurecht gleich. Das ist ein typischer Fehler. Entscheidend ist nicht nur die Fl\u00e4che, sondern vor allem die konkrete Bodenklassifikation und die Lage innerhalb oder au\u00dferhalb gesch\u00fctzter Bereiche.<\/p>\n<h2><\/h2>\n<h4>Schutzgebiete und Risikozonen zuerst pr\u00fcfen<\/h4>\n<p>Im l\u00e4ndlichen Raum k\u00f6nnen Natur-, Landschafts-, Stra\u00dfen-, K\u00fcsten-, Wald- oder Hochwasservorgaben ein Vorhaben erheblich einschr\u00e4nken oder ganz verhindern. Seit dem balearischen Hochwasserdekret vom Dezember 2024 wurden neue Wohnh\u00e4user in bestimmten \u00fcberflutungsgef\u00e4hrdeten Bereichen des suelo r\u00fastico zus\u00e4tzlich beschr\u00e4nkt. (<a title=\"CONSELL DE GOVERN EXTRAORDINARI - CAIB\" href=\"https:\/\/www.caib.es\/pidip2front\/jsp\/es\/ficha-convocatoria\/consell-de-govern-extraordinari-se-aprueba-el-decreto-ley-para-la-proteccion-de-las-personas-y-bienes-en-las-zonas-inundables-de-las-illes-balears?utm_source=chatgpt.com\" target=\"_blank\" rel=\"noopener\">Web GOIB<\/a>)<\/p>\n<h2><\/h2>\n<h4>Infrastruktur ist auf dem Land oft der eigentliche Knackpunkt<\/h4>\n<p>Wasser, Strom, Abwasser, Zufahrt und Gel\u00e4ndesituation entscheiden auf dem Land meist st\u00e4rker \u00fcber Aufwand und Wirtschaftlichkeit als im st\u00e4dtischen Bereich. Ein sch\u00f6nes Grundst\u00fcck ohne belastbare Infrastruktur ist schnell deutlich weniger attraktiv, als es zun\u00e4chst wirkt.<\/p>\n<h2><\/h2>\n<h4>Altbestand auf Fincas besonders kritisch lesen<\/h4>\n<p>Gerade l\u00e4ndliche Immobilien wurden oft \u00fcber viele Jahre ver\u00e4ndert. Nebengeb\u00e4ude, Terrassen, Technikr\u00e4ume, Pools oder Erweiterungen sollten nie ungepr\u00fcft \u00fcbernommen werden. Sichtbarer Bestand ist gerade auf dem Land h\u00e4ufig nur der Anfang der Pr\u00fcfung.<\/p>\n<p>Auch Grundst\u00fccke, die \u00fcber Bestand verf\u00fcgen m\u00fcssen pr\u00e4zise gepr\u00fcft werden. Das Haupthaus, dessen Anbauten, Nebengeb\u00e4ude, Pool, G\u00e4stehaus, Garagen, (\u00fcberdachte) Terrassen, Einfriedung, Wasserspeicher (aljibes) oder Infrastrukturen k\u00f6nnen vorhanden sein, eine offiziell registrierte Nutzung aufweisen und trotzdem \u00fcber keine baurechtlich erfasste Dokumention verf\u00fcgen. Der Bestand muss auf den Bau\u00e4mtern umfassend angekommen, genehmigt und nachweisbar sein, bzw. im Mangel nachtr\u00e4glich als legalisierbar gelten.<\/p>\n<p>Vor dem Kauf eines Grundst\u00fccks mit Bestand m\u00fcssen also nicht nur Besitzurkunde, alle Bauakten, Katastereintr\u00e4ge, Bauordnungen, beh\u00f6rdliche Vorgaben und alle chronologisch historischen Registereintr\u00e4ge gepr\u00fcft, sondern dieses auch auf Legalisierbarkeit des Bestands gepr\u00fcft werden.<\/p>\n<h2><\/h2>\n<h3><strong>Was auch auf dem Land gepr\u00fcft werden muss:<\/strong><\/h3>\n<ul>\n<li>Grundst\u00fccksgr\u00f6sse(n)<\/li>\n<li>Segregation, Teilungen, Re-parzellisierungen<\/li>\n<li>Nutzung &#8211; Einhaltung des Kriteriums Einfamilienhaus<\/li>\n<li>Legalit\u00e4t des Bestands<\/li>\n<li>Bebauungsparameter,<\/li>\n<li>Steckbrief: c\u00e9dula urban\u00edstica, informe previo<\/li>\n<li>Klassifizierung auf dem Land: ANEI, AANP, ARIP, APR, APT, SRG, SRG-F, AIA, AT, etc.<\/li>\n<li>Abst\u00e4nde<\/li>\n<li>H\u00f6hen<\/li>\n<li>Volumen<\/li>\n<li>Schutzlagen<\/li>\n<li>Hang, Neigung des Grundst\u00fccks<\/li>\n<li>kommunale und regional topographische, sowie geologische Besonderheiten<\/li>\n<li>Medien, Infrastrukturen<\/li>\n<li>Besitzverh\u00e4ltnisse,<\/li>\n<li>Fl\u00e4chenangaben im Registereintrag, Grundbuch, Katastereintrag<\/li>\n<\/ul>\n<h2><\/h2>\n<p>&nbsp;<\/p>\n<h2>FAQ<\/h2>\n<h3>Kann man im suelo r\u00fastico heute leichter bauen als fr\u00fcher?<\/h3>\n<p>Nicht generell. Es gibt Verfahrens\u00e4nderungen und Legalisierungsoptionen f\u00fcr bestimmte Altf\u00e4lle, aber keine pauschale Freigabe f\u00fcr Neubauten. (<a title=\"Direcci\u00f3n de la Abogac\u00eda - Dep. de Estudios Auton\u00f3micos - Ley 7\/2024, de 11 de diciembre, de medidas urgentes de simplificaci\u00f3n y racionalizaci\u00f3n administrativas de las administraciones p\u00fablicas de las Illes Balears\" href=\"https:\/\/www.caib.es\/sites\/institutestudisautonomics\/es\/n\/ley_72024_de_11_de_diciembre_de_medidas_urgentes_de_simplificacian_y_racionalizacian_administrativas_de_las_administraciones_pablicas_de_las_illes_balears\/\" target=\"_blank\" rel=\"noopener\">Web GOIB<\/a>)<\/p>\n<h3><\/h3>\n<h3>Warum ist die Finca-Pr\u00fcfung aufwendiger?<\/h3>\n<p>Weil hier Bodenstatus, Schutzgebiete, Wasser, Abwasser, Zufahrt und Altbestand viel st\u00e4rker ineinandergreifen.<\/p>\n<p>&nbsp;<\/p>\n<h3>Kann jedes Grundst\u00fcck auf dem Land automatisch bebaut werden, das mind. 14.000 m2 als Grundl\u00e4che aufweist ?<\/h3>\n<p>Nein. Entscheidend ist das Ergebnis einer umfassenden Pr\u00fcfung auf Einhaltung und Konformit\u00e4t der Kriterien, welche Klassifizierung (ANEI, AANP, ARIP, APR, APT, SRG, SRG-F, AIA, AT, etc&#8230;), Erschlie\u00dfung, Infrastruktur, Topografie, Neigung, Schutzlagen, geologische Besonderheiten, Besitzverh\u00e4ltnisse, Registereintr\u00e4ge, Altlasten oder des Altbestands.<\/p>\n<p>&nbsp;<\/p>\n<p>Wer auf dem Land bauen will, sollte zuerst die Realit\u00e4t des Grundst\u00fccks pr\u00fcfen \u2013 und sich erst danach den Traum erf\u00fcllen.<\/p>\n<p>&nbsp;<\/p>\n<p>&nbsp;<\/p>\n<p style=\"text-align: center;\">projektbeispiele:<\/p>\n<p>&nbsp;<\/p>\n<p><a href=\"https:\/\/jle.de\/finca-1-bonus-architektur-mallorca-1323-son-dc-felanitx\/\"><img decoding=\"async\" class=\"aligncenter wp-image-35029\" src=\"https:\/\/jle.de\/wp-content\/uploads\/2026\/03\/dji_fly_20251023_192832_0018_1761242511165_photo-600x400.jpg\" alt=\"1323 son dc finca felanitx\" width=\"399\" height=\"266\" data-wp-pid=\"35029\" srcset=\"https:\/\/jle.de\/wp-content\/uploads\/2026\/03\/dji_fly_20251023_192832_0018_1761242511165_photo-600x400.jpg 600w, https:\/\/jle.de\/wp-content\/uploads\/2026\/03\/dji_fly_20251023_192832_0018_1761242511165_photo-1536x1024.jpg 1536w, https:\/\/jle.de\/wp-content\/uploads\/2026\/03\/dji_fly_20251023_192832_0018_1761242511165_photo-2048x1365.jpg 2048w, https:\/\/jle.de\/wp-content\/uploads\/2026\/03\/dji_fly_20251023_192832_0018_1761242511165_photo-640x427.jpg 640w, https:\/\/jle.de\/wp-content\/uploads\/2026\/03\/dji_fly_20251023_192832_0018_1761242511165_photo-768x512.jpg 768w, https:\/\/jle.de\/wp-content\/uploads\/2026\/03\/dji_fly_20251023_192832_0018_1761242511165_photo-1220x813.jpg 1220w\" sizes=\"(max-width: 399px) 100vw, 399px\" \/><\/a><\/p>\n<p style=\"text-align: center;\">1323 finca son dc, felanitx<\/p>\n<p>&nbsp;<\/p>\n<p>&nbsp;<\/p>\n<p><a href=\"https:\/\/jle.de\/architekten-mallorca\/1710-cover-archdaily-2\/\"><img decoding=\"async\" class=\"aligncenter wp-image-34471\" src=\"https:\/\/jle.de\/wp-content\/uploads\/2026\/02\/1710-cover-archdaily.jpeg\" alt=\"finca 1710 cala llombards mallorca\" width=\"399\" height=\"266\" data-wp-pid=\"34471\" srcset=\"https:\/\/jle.de\/wp-content\/uploads\/2026\/02\/1710-cover-archdaily.jpeg 2048w, https:\/\/jle.de\/wp-content\/uploads\/2026\/02\/1710-cover-archdaily-1536x1023.jpeg 1536w, https:\/\/jle.de\/wp-content\/uploads\/2026\/02\/1710-cover-archdaily-640x426.jpeg 640w\" sizes=\"(max-width: 399px) 100vw, 399px\" \/><\/a><\/p>\n<p style=\"text-align: center;\">1710 finca na borras, cala llombards<\/p>\n<p>&nbsp;<\/p>\n<p>&nbsp;<\/p>\n<h3><a href=\"mailto:ratgeber@jle.de\">sprechen Sie uns an<\/a><\/h3>\n<p><a href=\"https:\/\/jle.de\/bauen-auf-mallorca-balearen-ratgeber\/\" target=\"_blank\" rel=\"noopener\">bauen auf mallorca ratgeber<\/a><\/p>\n<p>&nbsp;<\/p>\n<p>&nbsp;<\/p>\n<p>Verweise<\/p>\n<table style=\"height: 256px;\" width=\"1501\">\n<thead>\n<tr>\n<th>Verweis<\/th>\n<th>Link<\/th>\n<th>Funktion auf der Seite<\/th>\n<\/tr>\n<\/thead>\n<tbody>\n<tr>\n<td>PTIM Mallorca, Texto consolidado 2023<\/td>\n<td><a href=\"https:\/\/pterritorial.conselldemallorca.es\/es\/pla-territorial-insular-de-mallorca\" target=\"_blank\" rel=\"noopener\">Consell de Mallorca<\/a><\/td>\n<td>Einstieg in die aktuelle PTIM-Systematik<\/td>\n<\/tr>\n<tr>\n<td>PTIM 2004, Normas<\/td>\n<td><a href=\"https:\/\/www.conselldemallorca.es\/media\/planificacioterritorial\/20041213_PTIM\/es\/ptm_normes_2004_cast.pdf\" target=\"_blank\" rel=\"noopener\">Consell de Mallorca<\/a><\/td>\n<td>Direkter Fundort zur Mindestparzelle 14.000 m\u00b2<\/td>\n<\/tr>\n<tr>\n<td>Decreto Ley 6\/2024<\/td>\n<td><a href=\"https:\/\/www.caib.es\/sites\/institutestudisautonomics\/es\/n\/decreto_ley_62024_de_13_de_desembre_de_medidas_urgentes_para_la_proteccian_de_las_personas_y_los_bienes_en_las_zonas_inundables_de_la_comunidad_autanoma_de_las_illes_balears\/\" target=\"_blank\" rel=\"noopener\">CAIB<\/a><\/td>\n<td>Hochwasserschutz und Restriktionen<\/td>\n<\/tr>\n<tr>\n<td>Acuerdo Pleno Mallorca 20.06.2024<\/td>\n<td><a href=\"https:\/\/www.caib.es\/eboibfront\/pdf\/es\/2024\/82\/1164979\" target=\"_blank\" rel=\"noopener\">BOIB PDF<\/a><\/td>\n<td>Erste Mallorca-Anwendung der legalizaci\u00f3n extraordinaria<\/td>\n<\/tr>\n<tr>\n<td>Ley 7\/2024 mit Mallorca-Bezug 2025<\/td>\n<td><a href=\"https:\/\/www.caib.es\/sites\/institutestudisautonomics\/es\/n\/ley_72024_de_11_de_diciembre_de_medidas_urgentes_de_simplificacian_y_racionalizacian_administrativas_de_las_administraciones_pablicas_de_las_illes_balears\/\" target=\"_blank\" rel=\"noopener\">CAIB<\/a><\/td>\n<td>Zweite Mallorca-Anwendung nach neuer Gesetzeslage<\/td>\n<\/tr>\n<\/tbody>\n<\/table>\n<p>&nbsp;<\/p>\n","protected":false},"excerpt":{"rendered":"<p>Finca bauen auf Mallorca: Was im suelo r\u00fastico zu beachten ist Einleitung Die Idee einer Finca steht f\u00fcr Ruhe, Natur und Eigenst\u00e4ndigkeit. In der Praxis verlangt das Bauen auf dem Land jedoch deutlich mehr Vorpr\u00fcfung als ein Projekt im urbanen Raum. Gerade im suelo r\u00fastico entscheidet sich der Erfolg fr\u00fch \u2013 durch Bodenstatus, Mindestgr\u00f6\u00dfe, Schutzlage, [&hellip;]<\/p>\n","protected":false},"author":3,"featured_media":0,"parent":0,"menu_order":0,"comment_status":"closed","ping_status":"closed","template":"","meta":{"footnotes":""},"class_list":["post-35211","page","type-page","status-publish","hentry"],"_links":{"self":[{"href":"https:\/\/jle.de\/es\/wp-json\/wp\/v2\/pages\/35211","targetHints":{"allow":["GET"]}}],"collection":[{"href":"https:\/\/jle.de\/es\/wp-json\/wp\/v2\/pages"}],"about":[{"href":"https:\/\/jle.de\/es\/wp-json\/wp\/v2\/types\/page"}],"author":[{"embeddable":true,"href":"https:\/\/jle.de\/es\/wp-json\/wp\/v2\/users\/3"}],"replies":[{"embeddable":true,"href":"https:\/\/jle.de\/es\/wp-json\/wp\/v2\/comments?post=35211"}],"version-history":[{"count":19,"href":"https:\/\/jle.de\/es\/wp-json\/wp\/v2\/pages\/35211\/revisions"}],"predecessor-version":[{"id":36177,"href":"https:\/\/jle.de\/es\/wp-json\/wp\/v2\/pages\/35211\/revisions\/36177"}],"wp:attachment":[{"href":"https:\/\/jle.de\/es\/wp-json\/wp\/v2\/media?parent=35211"}],"curies":[{"name":"wp","href":"https:\/\/api.w.org\/{rel}","templated":true}]}}